{"id":34043,"date":"2026-09-01T11:33:41","date_gmt":"2026-09-01T11:33:41","guid":{"rendered":"https:\/\/porto-capital.com\/property\/trosoban-stan-tuski-put-podgorica\/"},"modified":"2026-09-03T08:12:07","modified_gmt":"2026-09-03T08:12:07","slug":"trosoban-stan-tuski-put-podgorica","status":"publish","type":"estate_property","link":"https:\/\/porto-capital.com\/sr\/property\/trosoban-stan-tuski-put-podgorica\/","title":{"rendered":"Trosoban stan &#8211; Tu\u0161ki put, Podgorica"},"content":{"rendered":"\n<p class=\"wp-block-paragraph\"><\/p>\n\n<p class=\"wp-block-paragraph\">Na prodaju je prostran i funkcionalan trosoban stan povr\u0161ine 89 m\u00b2.<\/p>\n\n<p class=\"wp-block-paragraph\">Nalazi se na tre\u0107em spratu stambene zgrade sa liftom.<\/p>\n\n<p class=\"wp-block-paragraph\">Stan je klimatizovan i poseduje ostavu, kao i veliki balkon koji je prakti\u010dno povezan sa spava\u0107im sobama. <\/p>\n\n<p class=\"wp-block-paragraph\">Parking je dostupan ispred zgrade.<\/p>\n\n<figure class=\"wp-block-gallery has-nested-images columns-default is-cropped wp-block-gallery-1 is-layout-flex wp-block-gallery-is-layout-flex\">\n<figure class=\"wp-block-image size-large\"><a href=\"https:\/\/porto-capital.com\/wp-content\/uploads\/2026\/09\/IMG-025c5032794cf1dee6cdade01d96ac6f-V-1024x768.jpg\"><img fetchpriority=\"high\" decoding=\"async\" width=\"1024\" height=\"768\" data-id=\"34001\" src=\"https:\/\/porto-capital.com\/wp-content\/uploads\/2026\/09\/IMG-025c5032794cf1dee6cdade01d96ac6f-V-1024x768.jpg\" alt=\"\" class=\"wp-image-34001\" srcset=\"https:\/\/porto-capital.com\/wp-content\/uploads\/2026\/09\/IMG-025c5032794cf1dee6cdade01d96ac6f-V-1024x768.jpg 1024w, https:\/\/porto-capital.com\/wp-content\/uploads\/2026\/09\/IMG-025c5032794cf1dee6cdade01d96ac6f-V-300x225.jpg 300w, https:\/\/porto-capital.com\/wp-content\/uploads\/2026\/09\/IMG-025c5032794cf1dee6cdade01d96ac6f-V-768x576.jpg 768w, https:\/\/porto-capital.com\/wp-content\/uploads\/2026\/09\/IMG-025c5032794cf1dee6cdade01d96ac6f-V-1536x1152.jpg 1536w, https:\/\/porto-capital.com\/wp-content\/uploads\/2026\/09\/IMG-025c5032794cf1dee6cdade01d96ac6f-V.jpg 1600w\" sizes=\"(max-width: 1024px) 100vw, 1024px\" \/><\/a><\/figure>\n\n\n\n<figure class=\"wp-block-image size-large\"><a href=\"https:\/\/porto-capital.com\/wp-content\/uploads\/2026\/09\/IMG-cf65baaa5243c56a49c2becd4a4b8cb8-V-1024x768.jpg\"><img decoding=\"async\" width=\"1024\" height=\"768\" data-id=\"33996\" src=\"https:\/\/porto-capital.com\/wp-content\/uploads\/2026\/09\/IMG-cf65baaa5243c56a49c2becd4a4b8cb8-V-1024x768.jpg\" alt=\"\" class=\"wp-image-33996\" srcset=\"https:\/\/porto-capital.com\/wp-content\/uploads\/2026\/09\/IMG-cf65baaa5243c56a49c2becd4a4b8cb8-V-1024x768.jpg 1024w, https:\/\/porto-capital.com\/wp-content\/uploads\/2026\/09\/IMG-cf65baaa5243c56a49c2becd4a4b8cb8-V-300x225.jpg 300w, https:\/\/porto-capital.com\/wp-content\/uploads\/2026\/09\/IMG-cf65baaa5243c56a49c2becd4a4b8cb8-V-768x576.jpg 768w, https:\/\/porto-capital.com\/wp-content\/uploads\/2026\/09\/IMG-cf65baaa5243c56a49c2becd4a4b8cb8-V-1536x1152.jpg 1536w, https:\/\/porto-capital.com\/wp-content\/uploads\/2026\/09\/IMG-cf65baaa5243c56a49c2becd4a4b8cb8-V.jpg 1600w\" sizes=\"(max-width: 1024px) 100vw, 1024px\" \/><\/a><\/figure>\n\n\n\n<figure class=\"wp-block-image size-large\"><a href=\"https:\/\/porto-capital.com\/wp-content\/uploads\/2026\/09\/IMG-dd6e270657be1048ed41086b0207c86c-V-1024x768.jpg\"><img decoding=\"async\" width=\"1024\" height=\"768\" data-id=\"33997\" src=\"https:\/\/porto-capital.com\/wp-content\/uploads\/2026\/09\/IMG-dd6e270657be1048ed41086b0207c86c-V-1024x768.jpg\" alt=\"\" class=\"wp-image-33997\" srcset=\"https:\/\/porto-capital.com\/wp-content\/uploads\/2026\/09\/IMG-dd6e270657be1048ed41086b0207c86c-V-1024x768.jpg 1024w, https:\/\/porto-capital.com\/wp-content\/uploads\/2026\/09\/IMG-dd6e270657be1048ed41086b0207c86c-V-300x225.jpg 300w, https:\/\/porto-capital.com\/wp-content\/uploads\/2026\/09\/IMG-dd6e270657be1048ed41086b0207c86c-V-768x576.jpg 768w, https:\/\/porto-capital.com\/wp-content\/uploads\/2026\/09\/IMG-dd6e270657be1048ed41086b0207c86c-V-1536x1152.jpg 1536w, https:\/\/porto-capital.com\/wp-content\/uploads\/2026\/09\/IMG-dd6e270657be1048ed41086b0207c86c-V.jpg 1600w\" sizes=\"(max-width: 1024px) 100vw, 1024px\" \/><\/a><\/figure>\n\n\n\n<figure class=\"wp-block-image size-large\"><a href=\"https:\/\/porto-capital.com\/wp-content\/uploads\/2026\/09\/IMG-f7c600f9fdfa8e820cd6edb6d0f05ee6-V-1024x768.jpg\"><img loading=\"lazy\" decoding=\"async\" width=\"1024\" height=\"768\" data-id=\"33995\" src=\"https:\/\/porto-capital.com\/wp-content\/uploads\/2026\/09\/IMG-f7c600f9fdfa8e820cd6edb6d0f05ee6-V-1024x768.jpg\" alt=\"\" class=\"wp-image-33995\" srcset=\"https:\/\/porto-capital.com\/wp-content\/uploads\/2026\/09\/IMG-f7c600f9fdfa8e820cd6edb6d0f05ee6-V-1024x768.jpg 1024w, https:\/\/porto-capital.com\/wp-content\/uploads\/2026\/09\/IMG-f7c600f9fdfa8e820cd6edb6d0f05ee6-V-300x225.jpg 300w, https:\/\/porto-capital.com\/wp-content\/uploads\/2026\/09\/IMG-f7c600f9fdfa8e820cd6edb6d0f05ee6-V-768x576.jpg 768w, https:\/\/porto-capital.com\/wp-content\/uploads\/2026\/09\/IMG-f7c600f9fdfa8e820cd6edb6d0f05ee6-V-1536x1152.jpg 1536w, https:\/\/porto-capital.com\/wp-content\/uploads\/2026\/09\/IMG-f7c600f9fdfa8e820cd6edb6d0f05ee6-V.jpg 1600w\" sizes=\"(max-width: 1024px) 100vw, 1024px\" \/><\/a><\/figure>\n\n\n\n<figure class=\"wp-block-image size-large\"><a href=\"https:\/\/porto-capital.com\/wp-content\/uploads\/2026\/09\/IMG-8bfa29a843723f81db230f02d7857191-V-1024x768.jpg\"><img loading=\"lazy\" decoding=\"async\" width=\"1024\" height=\"768\" data-id=\"33993\" src=\"https:\/\/porto-capital.com\/wp-content\/uploads\/2026\/09\/IMG-8bfa29a843723f81db230f02d7857191-V-1024x768.jpg\" alt=\"\" class=\"wp-image-33993\" srcset=\"https:\/\/porto-capital.com\/wp-content\/uploads\/2026\/09\/IMG-8bfa29a843723f81db230f02d7857191-V-1024x768.jpg 1024w, https:\/\/porto-capital.com\/wp-content\/uploads\/2026\/09\/IMG-8bfa29a843723f81db230f02d7857191-V-300x225.jpg 300w, https:\/\/porto-capital.com\/wp-content\/uploads\/2026\/09\/IMG-8bfa29a843723f81db230f02d7857191-V-768x576.jpg 768w, https:\/\/porto-capital.com\/wp-content\/uploads\/2026\/09\/IMG-8bfa29a843723f81db230f02d7857191-V-1536x1152.jpg 1536w, https:\/\/porto-capital.com\/wp-content\/uploads\/2026\/09\/IMG-8bfa29a843723f81db230f02d7857191-V.jpg 1600w\" sizes=\"(max-width: 1024px) 100vw, 1024px\" \/><\/a><\/figure>\n\n\n\n<figure class=\"wp-block-image size-large\"><a href=\"https:\/\/porto-capital.com\/wp-content\/uploads\/2026\/09\/IMG-f3080622c53053ea345859c62f05cadb-V-1024x768.jpg\"><img loading=\"lazy\" decoding=\"async\" width=\"1024\" height=\"768\" data-id=\"33999\" src=\"https:\/\/porto-capital.com\/wp-content\/uploads\/2026\/09\/IMG-f3080622c53053ea345859c62f05cadb-V-1024x768.jpg\" alt=\"\" class=\"wp-image-33999\" srcset=\"https:\/\/porto-capital.com\/wp-content\/uploads\/2026\/09\/IMG-f3080622c53053ea345859c62f05cadb-V-1024x768.jpg 1024w, https:\/\/porto-capital.com\/wp-content\/uploads\/2026\/09\/IMG-f3080622c53053ea345859c62f05cadb-V-300x225.jpg 300w, https:\/\/porto-capital.com\/wp-content\/uploads\/2026\/09\/IMG-f3080622c53053ea345859c62f05cadb-V-768x576.jpg 768w, https:\/\/porto-capital.com\/wp-content\/uploads\/2026\/09\/IMG-f3080622c53053ea345859c62f05cadb-V-1536x1152.jpg 1536w, https:\/\/porto-capital.com\/wp-content\/uploads\/2026\/09\/IMG-f3080622c53053ea345859c62f05cadb-V.jpg 1600w\" sizes=\"(max-width: 1024px) 100vw, 1024px\" \/><\/a><\/figure>\n\n\n\n<figure class=\"wp-block-image size-large\"><a href=\"https:\/\/porto-capital.com\/wp-content\/uploads\/2026\/09\/IMG-13138d09e52f5762022d9eb681115527-V-1024x768.jpg\"><img loading=\"lazy\" decoding=\"async\" width=\"1024\" height=\"768\" data-id=\"34000\" src=\"https:\/\/porto-capital.com\/wp-content\/uploads\/2026\/09\/IMG-13138d09e52f5762022d9eb681115527-V-1024x768.jpg\" alt=\"\" class=\"wp-image-34000\" srcset=\"https:\/\/porto-capital.com\/wp-content\/uploads\/2026\/09\/IMG-13138d09e52f5762022d9eb681115527-V-1024x768.jpg 1024w, https:\/\/porto-capital.com\/wp-content\/uploads\/2026\/09\/IMG-13138d09e52f5762022d9eb681115527-V-300x225.jpg 300w, https:\/\/porto-capital.com\/wp-content\/uploads\/2026\/09\/IMG-13138d09e52f5762022d9eb681115527-V-768x576.jpg 768w, https:\/\/porto-capital.com\/wp-content\/uploads\/2026\/09\/IMG-13138d09e52f5762022d9eb681115527-V-1536x1152.jpg 1536w, https:\/\/porto-capital.com\/wp-content\/uploads\/2026\/09\/IMG-13138d09e52f5762022d9eb681115527-V.jpg 1600w\" sizes=\"(max-width: 1024px) 100vw, 1024px\" \/><\/a><\/figure>\n\n\n\n<figure class=\"wp-block-image size-large\"><a href=\"https:\/\/porto-capital.com\/wp-content\/uploads\/2026\/09\/IMG-2de520030e12eaeef3719b81290195ee-V-1024x768.jpg\"><img loading=\"lazy\" decoding=\"async\" width=\"1024\" height=\"768\" data-id=\"33992\" src=\"https:\/\/porto-capital.com\/wp-content\/uploads\/2026\/09\/IMG-2de520030e12eaeef3719b81290195ee-V-1024x768.jpg\" alt=\"\" class=\"wp-image-33992\" srcset=\"https:\/\/porto-capital.com\/wp-content\/uploads\/2026\/09\/IMG-2de520030e12eaeef3719b81290195ee-V-1024x768.jpg 1024w, https:\/\/porto-capital.com\/wp-content\/uploads\/2026\/09\/IMG-2de520030e12eaeef3719b81290195ee-V-300x225.jpg 300w, https:\/\/porto-capital.com\/wp-content\/uploads\/2026\/09\/IMG-2de520030e12eaeef3719b81290195ee-V-768x576.jpg 768w, https:\/\/porto-capital.com\/wp-content\/uploads\/2026\/09\/IMG-2de520030e12eaeef3719b81290195ee-V-1536x1152.jpg 1536w, https:\/\/porto-capital.com\/wp-content\/uploads\/2026\/09\/IMG-2de520030e12eaeef3719b81290195ee-V.jpg 1600w\" sizes=\"(max-width: 1024px) 100vw, 1024px\" \/><\/a><\/figure>\n\n\n\n<figure class=\"wp-block-image size-large\"><a href=\"https:\/\/porto-capital.com\/wp-content\/uploads\/2026\/09\/IMG-becce854994b7000c909a17a61a7e473-V-1024x768.jpg\"><img loading=\"lazy\" decoding=\"async\" width=\"1024\" height=\"768\" data-id=\"33994\" src=\"https:\/\/porto-capital.com\/wp-content\/uploads\/2026\/09\/IMG-becce854994b7000c909a17a61a7e473-V-1024x768.jpg\" alt=\"\" class=\"wp-image-33994\" srcset=\"https:\/\/porto-capital.com\/wp-content\/uploads\/2026\/09\/IMG-becce854994b7000c909a17a61a7e473-V-1024x768.jpg 1024w, https:\/\/porto-capital.com\/wp-content\/uploads\/2026\/09\/IMG-becce854994b7000c909a17a61a7e473-V-300x225.jpg 300w, https:\/\/porto-capital.com\/wp-content\/uploads\/2026\/09\/IMG-becce854994b7000c909a17a61a7e473-V-768x576.jpg 768w, https:\/\/porto-capital.com\/wp-content\/uploads\/2026\/09\/IMG-becce854994b7000c909a17a61a7e473-V-1536x1152.jpg 1536w, https:\/\/porto-capital.com\/wp-content\/uploads\/2026\/09\/IMG-becce854994b7000c909a17a61a7e473-V.jpg 1600w\" sizes=\"(max-width: 1024px) 100vw, 1024px\" \/><\/a><\/figure>\n\n\n\n<figure class=\"wp-block-image size-large\"><a href=\"https:\/\/porto-capital.com\/wp-content\/uploads\/2026\/09\/IMG-ee7e20bdd43e571889347110e49c6b95-V-1024x768.jpg\"><img loading=\"lazy\" decoding=\"async\" width=\"1024\" height=\"768\" data-id=\"33998\" src=\"https:\/\/porto-capital.com\/wp-content\/uploads\/2026\/09\/IMG-ee7e20bdd43e571889347110e49c6b95-V-1024x768.jpg\" alt=\"\" class=\"wp-image-33998\" srcset=\"https:\/\/porto-capital.com\/wp-content\/uploads\/2026\/09\/IMG-ee7e20bdd43e571889347110e49c6b95-V-1024x768.jpg 1024w, https:\/\/porto-capital.com\/wp-content\/uploads\/2026\/09\/IMG-ee7e20bdd43e571889347110e49c6b95-V-300x225.jpg 300w, https:\/\/porto-capital.com\/wp-content\/uploads\/2026\/09\/IMG-ee7e20bdd43e571889347110e49c6b95-V-768x576.jpg 768w, https:\/\/porto-capital.com\/wp-content\/uploads\/2026\/09\/IMG-ee7e20bdd43e571889347110e49c6b95-V-1536x1152.jpg 1536w, https:\/\/porto-capital.com\/wp-content\/uploads\/2026\/09\/IMG-ee7e20bdd43e571889347110e49c6b95-V.jpg 1600w\" sizes=\"(max-width: 1024px) 100vw, 1024px\" \/><\/a><\/figure>\n<\/figure>\n\n<p class=\"wp-block-paragraph\"><\/p>\n\n<p class=\"wp-block-paragraph\">Tu\u0161ki put, Podgorica Price: 283.000,00 EUR<\/p>\n\n<p class=\"wp-block-paragraph\"><\/p>\n","protected":false},"excerpt":{"rendered":"<p>Na prodaju je prostran i funkcionalan trosoban stan povr\u0161ine 89 m\u00b2. Nalazi se na tre\u0107em spratu stambene zgrade sa liftom. Stan je klimatizovan i poseduje ostavu, kao i veliki balkon koji je prakti\u010dno povezan sa spava\u0107im sobama. Parking je dostupan ispred zgrade. Tu\u0161ki put, Podgorica Price: 283.000,00 EUR<\/p>\n","protected":false},"featured_media":34033,"comment_status":"open","ping_status":"closed","template":"","property_category":[93],"property_action_category":[],"property_city":[99],"property_area":[],"property_county_state":[491],"property_features":[],"property_status":[29],"class_list":["post-34043","estate_property","type-estate_property","status-publish","has-post-thumbnail","hentry","property_category-apartments","property_city-podgorica","property_county_state-montenegro","property_status-active"],"_links":{"self":[{"href":"https:\/\/porto-capital.com\/sr\/wp-json\/wp\/v2\/estate_property\/34043","targetHints":{"allow":["GET"]}}],"collection":[{"href":"https:\/\/porto-capital.com\/sr\/wp-json\/wp\/v2\/estate_property"}],"about":[{"href":"https:\/\/porto-capital.com\/sr\/wp-json\/wp\/v2\/types\/estate_property"}],"replies":[{"embeddable":true,"href":"https:\/\/porto-capital.com\/sr\/wp-json\/wp\/v2\/comments?post=34043"}],"version-history":[{"count":1,"href":"https:\/\/porto-capital.com\/sr\/wp-json\/wp\/v2\/estate_property\/34043\/revisions"}],"predecessor-version":[{"id":34044,"href":"https:\/\/porto-capital.com\/sr\/wp-json\/wp\/v2\/estate_property\/34043\/revisions\/34044"}],"wp:featuredmedia":[{"embeddable":true,"href":"https:\/\/porto-capital.com\/sr\/wp-json\/wp\/v2\/media\/34033"}],"wp:attachment":[{"href":"https:\/\/porto-capital.com\/sr\/wp-json\/wp\/v2\/media?parent=34043"}],"wp:term":[{"taxonomy":"property_category","embeddable":true,"href":"https:\/\/porto-capital.com\/sr\/wp-json\/wp\/v2\/property_category?post=34043"},{"taxonomy":"property_action_category","embeddable":true,"href":"https:\/\/porto-capital.com\/sr\/wp-json\/wp\/v2\/property_action_category?post=34043"},{"taxonomy":"property_city","embeddable":true,"href":"https:\/\/porto-capital.com\/sr\/wp-json\/wp\/v2\/property_city?post=34043"},{"taxonomy":"property_area","embeddable":true,"href":"https:\/\/porto-capital.com\/sr\/wp-json\/wp\/v2\/property_area?post=34043"},{"taxonomy":"property_county_state","embeddable":true,"href":"https:\/\/porto-capital.com\/sr\/wp-json\/wp\/v2\/property_county_state?post=34043"},{"taxonomy":"property_features","embeddable":true,"href":"https:\/\/porto-capital.com\/sr\/wp-json\/wp\/v2\/property_features?post=34043"},{"taxonomy":"property_status","embeddable":true,"href":"https:\/\/porto-capital.com\/sr\/wp-json\/wp\/v2\/property_status?post=34043"}],"curies":[{"name":"wp","href":"https:\/\/api.w.org\/{rel}","templated":true}]}}